{"id":42,"date":"2012-05-01T10:55:37","date_gmt":"2012-05-01T10:55:37","guid":{"rendered":"http:\/\/mtvbarnten.mt.funpic.de\/wordpress\/?page_id=42"},"modified":"2023-04-28T05:13:13","modified_gmt":"2023-04-28T05:13:13","slug":"turnen","status":"publish","type":"page","link":"https:\/\/mtv-barnten.de\/?page_id=42","title":{"rendered":"Turnen"},"content":{"rendered":"<p>Am Dienstag gibt es die Eltern- Kind- Gruppe f\u00fcr die Kleinsten, die von Annegret Rauch geleitet wird. Diese Gruppe w\u00fcrde sich \u00fcber Verst\u00e4rkung freuen.<\/p>\n<p>Am Mittwoch gibt es zwei Kinderturngruppen unter der Leitung von Annegret Rauch und Kirsten Matthies. In der Gruppe der 3-6j\u00e4hrigen turnen im Moment sehr viele Kinder.<\/p>\n<p>Im Februar fand in der der Turnhalle wieder die beliebte Faschingsfeier f\u00fcr alle Kinder statt. Die Kinder wie auch die Betreuer hatten ihren Spa\u00df.<\/p>\n<p>&nbsp;<\/p>\n<p>Zum Abschluss des Jahres gab es die Weihnachtsfeiern dieses Mal in den einzelnen Gruppen. Die Kinder am\u00fcsierten sich bei den weihnachtlichen Spielen und es gab Waffeln und Kekse. Diese Feiern gelingen nat\u00fcrlich nur durch die Unterst\u00fctzung vieler Eltern.<\/p>\n<p>&nbsp;<\/p>\n<p>Ein besonderer Dank geht an Jenny Schuster, sie\u00a0 ist seit der letzten Spartenversammlung wieder Kinder- und Jugendwart. Dank auch an Nadine Greinert an die tatkr\u00e4ftige Unterst\u00fctzung.<\/p>\n<p>&nbsp;<\/p>\n<p>Auch die Gymnastik f\u00fcr die Erwachsenen kommt nicht zu kurz. Montags gibt es zwei Kurse f\u00fcr die Damen. Dienstags gibt es eine M\u00e4nnersportgruppe. Dort kann jeder interessierte Mann vorbeikommen und mitmachen. Auch das Gesellige kommt nicht zu kurz, z.B. zum Sommerabschluss wurde eine Radtour zu einer Eisdiele gemacht. Im Winter traf man sich zu einer gem\u00fctlichen Weihnachtsfeier im DGH oder im Sol y Sal.<\/p>\n<p>&nbsp;<\/p>\n<p>Der Kurs \u201eKlangschalenentspannung bei Anke Sch\u00fcnemann\u201c wurde im Mai zus\u00e4tzlich angeboten, konnte leider nicht stattfinden, weil es zu wenig Anmeldungen gab.<\/p>\n<p>Der Kurs \u201eFunktionelle Wirbels\u00e4ulengymnastik\u201c\u00a0 konnte leider auch nicht stattfinden. Es konnte keine passende Zeit mit der \u00dcbungsleiterin Karen Bruse gefunden werden.<\/p>\n<p>&nbsp;<\/p>\n<p>Seit ein paar Jahren gibt es dienstags eine Walkinggruppe, die sich um 18:00 Uhr am DGH bei fast jedem Wetter trifft. Die Wege f\u00fchren meistens durch die Felder \u00fcber R\u00f6ssing nach Barnten oder an den Teichen Richtung Giften. Jeder und Jede sind herzlich willkommen.<\/p>\n<p>&nbsp;<\/p>\n<p><strong>Unser aktueller Sportbetrieb ist in der Hallenplanbelegung unter Downloads einsehbar<br \/>\n<\/strong><\/p>\n<p>&nbsp;<\/p>\n<p>Herzlichen Dank an alle \u00dcbungsleiter und an alle anderen ehrenamtlichen Helfer, die das ganze letzte Jahr aktiv waren.<\/p>\n","protected":false},"excerpt":{"rendered":"<p>Am Dienstag gibt es die Eltern- Kind- Gruppe f\u00fcr die Kleinsten, die von Annegret Rauch geleitet wird. Diese Gruppe w\u00fcrde sich \u00fcber Verst\u00e4rkung freuen. Am Mittwoch gibt es zwei Kinderturngruppen unter der Leitung von Annegret Rauch und Kirsten Matthies. In der Gruppe der 3-6j\u00e4hrigen turnen im Moment sehr viele Kinder. Im Februar fand in der [&hellip;]<\/p>\n","protected":false},"author":1,"featured_media":0,"parent":8,"menu_order":0,"comment_status":"closed","ping_status":"closed","template":"","meta":{"_crdt_document":"","footnotes":""},"class_list":["post-42","page","type-page","status-publish","hentry"],"_links":{"self":[{"href":"https:\/\/mtv-barnten.de\/index.php?rest_route=\/wp\/v2\/pages\/42","targetHints":{"allow":["GET"]}}],"collection":[{"href":"https:\/\/mtv-barnten.de\/index.php?rest_route=\/wp\/v2\/pages"}],"about":[{"href":"https:\/\/mtv-barnten.de\/index.php?rest_route=\/wp\/v2\/types\/page"}],"author":[{"embeddable":true,"href":"https:\/\/mtv-barnten.de\/index.php?rest_route=\/wp\/v2\/users\/1"}],"replies":[{"embeddable":true,"href":"https:\/\/mtv-barnten.de\/index.php?rest_route=%2Fwp%2Fv2%2Fcomments&post=42"}],"version-history":[{"count":24,"href":"https:\/\/mtv-barnten.de\/index.php?rest_route=\/wp\/v2\/pages\/42\/revisions"}],"predecessor-version":[{"id":1678,"href":"https:\/\/mtv-barnten.de\/index.php?rest_route=\/wp\/v2\/pages\/42\/revisions\/1678"}],"up":[{"embeddable":true,"href":"https:\/\/mtv-barnten.de\/index.php?rest_route=\/wp\/v2\/pages\/8"}],"wp:attachment":[{"href":"https:\/\/mtv-barnten.de\/index.php?rest_route=%2Fwp%2Fv2%2Fmedia&parent=42"}],"curies":[{"name":"wp","href":"https:\/\/api.w.org\/{rel}","templated":true}]}}